{"id":180,"date":"2018-05-23T14:22:28","date_gmt":"2018-05-23T14:22:28","guid":{"rendered":"http:\/\/stsadvogados.adv.br\/site\/?page_id=180"},"modified":"2018-07-11T14:30:22","modified_gmt":"2018-07-11T14:30:22","slug":"direito-previdenciario","status":"publish","type":"page","link":"https:\/\/stsadvogados.adv.br\/site\/areas-de-atuacao-juridica\/direito-previdenciario\/","title":{"rendered":"Direito Previdenci\u00e1rio"},"content":{"rendered":"<p>[et_pb_section fb_built=&#8221;1&#8243; admin_label=&#8221;Page Title Section&#8221; _builder_version=&#8221;3.3.1&#8243; use_background_color_gradient=&#8221;on&#8221; background_color_gradient_start=&#8221;rgba(0,44,89,0.85)&#8221; background_color_gradient_end=&#8221;rgba(0,12,11,0.3)&#8221; background_color_gradient_overlays_image=&#8221;on&#8221; background_image=&#8221;http:\/\/stsadvogados.adv.br\/site\/wp-content\/uploads\/2018\/05\/sts-advogados-direito-previdenciario.jpg&#8221; custom_padding=&#8221;90px||90px||false|false&#8221;][et_pb_row admin_label=&#8221;Page Title Area&#8221; _builder_version=&#8221;3.0.82&#8243; background_size=&#8221;initial&#8221; background_position=&#8221;top_left&#8221; background_repeat=&#8221;repeat&#8221;][et_pb_column type=&#8221;4_4&#8243; _builder_version=&#8221;3.0.47&#8243; parallax=&#8221;off&#8221; parallax_method=&#8221;on&#8221;][et_pb_text admin_label=&#8221;Page Title&#8221; _builder_version=&#8221;3.3.1&#8243; text_font=&#8221;||||||||&#8221; text_text_color=&#8221;#ffffff&#8221; text_font_size=&#8221;18px&#8221; text_line_height=&#8221;2em&#8221; header_font=&#8221;Prata||||||||&#8221; header_font_size=&#8221;40px&#8221; header_font_size_tablet=&#8221;40px&#8221; header_font_size_last_edited=&#8221;on|desktop&#8221; header_line_height=&#8221;1.6em&#8221; header_3_font=&#8221;||||||||&#8221; header_3_line_height=&#8221;1.8em&#8221; text_orientation=&#8221;center&#8221; background_layout=&#8221;dark&#8221; max_width=&#8221;700px&#8221; module_alignment=&#8221;center&#8221; custom_margin=&#8221;||10px|&#8221; animation_style=&#8221;fade&#8221;]<\/p>\n<h1>Direito Previdenci\u00e1rio<\/h1>\n<p>[\/et_pb_text][\/et_pb_column][\/et_pb_row][\/et_pb_section][et_pb_section fb_built=&#8221;1&#8243; admin_label=&#8221;Project Analysis Section&#8221; _builder_version=&#8221;3.0.82&#8243; custom_padding=&#8221;60px||60px||false|false&#8221;][et_pb_row custom_padding=&#8221;60px|0px|60px|0px&#8221; admin_label=&#8221;Project Analysis Area&#8221; _builder_version=&#8221;3.0.82&#8243; border_color_all=&#8221;rgba(51,51,51,0.12)&#8221; border_width_top=&#8221;1px&#8221;][et_pb_column type=&#8221;1_4&#8243; _builder_version=&#8221;3.0.47&#8243; parallax=&#8221;off&#8221; parallax_method=&#8221;on&#8221;][et_pb_text admin_label=&#8221;Title&#8221; _builder_version=&#8221;3.0.105&#8243; text_font=&#8221;||||||||&#8221; header_font=&#8221;||||||||&#8221; header_3_font=&#8221;Roboto Slab||||||||&#8221; header_3_line_height=&#8221;2em&#8221; animation_style=&#8221;fold&#8221; animation_direction=&#8221;left&#8221; animation_intensity_fold=&#8221;5%&#8221;]<\/p>\n<h3>Como atuamos:<\/h3>\n<p>[\/et_pb_text][\/et_pb_column][et_pb_column type=&#8221;3_4&#8243; _builder_version=&#8221;3.0.47&#8243; parallax=&#8221;off&#8221; parallax_method=&#8221;on&#8221;][et_pb_text _builder_version=&#8221;3.3.1&#8243; text_line_height=&#8221;2em&#8221; animation_style=&#8221;fade&#8221;]Nosso <strong>escrit\u00f3rio de advocacia<\/strong> disponibiliza ainda, assessoria jur\u00eddica extrajudicial e judicial atuando tamb\u00e9m no <strong>Direito Previdenci\u00e1rio<\/strong>, com conhecimento altamente especializado, buscando, atrav\u00e9s das medidas judiciais, o deferimento ou o restabelecimento da <strong>aposentadoria<\/strong> e benef\u00edcios indevidamente indeferidos pelos \u00f3rg\u00e3os de previd\u00eancia social nacional, estadual e municipal.<\/p>\n<p>Promovemos ainda, o reajuste dos valores dos benef\u00edcios mediante revis\u00e3o da Renda Mensal Inicial dos pensionistas assim como, medidas judiciais administrativas com o intuito de concretizar os seguintes benef\u00edcios:<br \/>\n[\/et_pb_text][\/et_pb_column][\/et_pb_row][et_pb_row custom_padding=&#8221;60px|0px|0|0px|false|false&#8221; admin_label=&#8221;Our Process Area&#8221; _builder_version=&#8221;3.3.1&#8243; border_color_all=&#8221;rgba(51,51,51,0.12)&#8221; border_width_top=&#8221;1px&#8221;][et_pb_column type=&#8221;1_4&#8243; _builder_version=&#8221;3.0.47&#8243; parallax=&#8221;off&#8221; parallax_method=&#8221;on&#8221;][et_pb_text admin_label=&#8221;Title&#8221; _builder_version=&#8221;3.0.83&#8243; text_font=&#8221;||||||||&#8221; header_font=&#8221;||||||||&#8221; header_3_font=&#8221;Roboto Slab||||||||&#8221; header_3_line_height=&#8221;2em&#8221; animation_style=&#8221;fold&#8221; animation_direction=&#8221;left&#8221; animation_intensity_fold=&#8221;5%&#8221;]<\/p>\n<h3>Destacam-se, dentre outros,<br \/>\nos seguintes servi\u00e7os:<\/h3>\n<p>[\/et_pb_text][\/et_pb_column][et_pb_column type=&#8221;3_4&#8243; _builder_version=&#8221;3.0.47&#8243; parallax=&#8221;off&#8221; parallax_method=&#8221;on&#8221;][et_pb_blurb title=&#8221;Aposentadoria especial;&#8221; use_icon=&#8221;on&#8221; font_icon=&#8221;%%54%%&#8221; icon_color=&#8221;#ffa40d&#8221; icon_placement=&#8221;left&#8221; content_max_width=&#8221;800px&#8221; use_icon_font_size=&#8221;on&#8221; icon_font_size=&#8221;32px&#8221; _builder_version=&#8221;3.0.105&#8243; header_font=&#8221;||||||||&#8221; header_font_size=&#8221;16px&#8221; header_line_height=&#8221;2em&#8221; body_font=&#8221;||||||||&#8221; custom_margin=&#8221;||0px|&#8221; custom_padding=&#8221;|||&#8221; animation_style=&#8221;fade&#8221;][\/et_pb_blurb][et_pb_blurb title=&#8221;Aposentadoria por idade;&#8221; use_icon=&#8221;on&#8221; font_icon=&#8221;%%54%%&#8221; icon_color=&#8221;#ffa40d&#8221; icon_placement=&#8221;left&#8221; content_max_width=&#8221;800px&#8221; use_icon_font_size=&#8221;on&#8221; icon_font_size=&#8221;32px&#8221; _builder_version=&#8221;3.0.101&#8243; header_font=&#8221;||||||||&#8221; header_font_size=&#8221;16px&#8221; header_line_height=&#8221;2em&#8221; body_font=&#8221;||||||||&#8221; custom_margin=&#8221;||0px|&#8221; custom_padding=&#8221;|||&#8221; animation_style=&#8221;fade&#8221;][\/et_pb_blurb][et_pb_blurb title=&#8221;Aposentadoria por invalidez;&#8221; use_icon=&#8221;on&#8221; font_icon=&#8221;%%54%%&#8221; icon_color=&#8221;#ffa40d&#8221; icon_placement=&#8221;left&#8221; content_max_width=&#8221;800px&#8221; use_icon_font_size=&#8221;on&#8221; icon_font_size=&#8221;32px&#8221; _builder_version=&#8221;3.0.82&#8243; header_font=&#8221;||||||||&#8221; header_font_size=&#8221;16px&#8221; header_line_height=&#8221;2em&#8221; body_font=&#8221;||||||||&#8221; custom_margin=&#8221;||0px|&#8221; custom_padding=&#8221;|||&#8221; animation_style=&#8221;fade&#8221;][\/et_pb_blurb][et_pb_blurb title=&#8221;Aposentadoria por tempo de contribui\u00e7\u00e3o;&#8221; use_icon=&#8221;on&#8221; font_icon=&#8221;%%54%%&#8221; icon_color=&#8221;#ffa40d&#8221; icon_placement=&#8221;left&#8221; content_max_width=&#8221;800px&#8221; use_icon_font_size=&#8221;on&#8221; icon_font_size=&#8221;32px&#8221; _builder_version=&#8221;3.3.1&#8243; header_font=&#8221;||||||||&#8221; header_font_size=&#8221;16px&#8221; header_line_height=&#8221;2em&#8221; body_font=&#8221;||||||||&#8221; custom_margin=&#8221;||0px|&#8221; custom_padding=&#8221;|||&#8221; animation_style=&#8221;fade&#8221;][\/et_pb_blurb][et_pb_blurb title=&#8221;Aux\u00edlio-acidente;&#8221; use_icon=&#8221;on&#8221; font_icon=&#8221;%%54%%&#8221; icon_color=&#8221;#ffa40d&#8221; icon_placement=&#8221;left&#8221; content_max_width=&#8221;800px&#8221; use_icon_font_size=&#8221;on&#8221; icon_font_size=&#8221;32px&#8221; _builder_version=&#8221;3.0.82&#8243; header_font=&#8221;||||||||&#8221; header_font_size=&#8221;16px&#8221; header_line_height=&#8221;2em&#8221; body_font=&#8221;||||||||&#8221; custom_margin=&#8221;||0px|&#8221; custom_padding=&#8221;|||&#8221; animation_style=&#8221;fade&#8221;][\/et_pb_blurb][et_pb_blurb title=&#8221;Pens\u00e3o por morte;&#8221; use_icon=&#8221;on&#8221; font_icon=&#8221;%%54%%&#8221; icon_color=&#8221;#ffa40d&#8221; icon_placement=&#8221;left&#8221; content_max_width=&#8221;800px&#8221; use_icon_font_size=&#8221;on&#8221; icon_font_size=&#8221;32px&#8221; _builder_version=&#8221;3.0.82&#8243; header_font=&#8221;||||||||&#8221; header_font_size=&#8221;16px&#8221; header_line_height=&#8221;2em&#8221; body_font=&#8221;||||||||&#8221; custom_margin=&#8221;||0px|&#8221; custom_padding=&#8221;|||&#8221; animation_style=&#8221;fade&#8221;][\/et_pb_blurb][et_pb_blurb title=&#8221;Reabilita\u00e7\u00e3o profissional;&#8221; use_icon=&#8221;on&#8221; font_icon=&#8221;%%54%%&#8221; icon_color=&#8221;#ffa40d&#8221; icon_placement=&#8221;left&#8221; content_max_width=&#8221;800px&#8221; use_icon_font_size=&#8221;on&#8221; icon_font_size=&#8221;32px&#8221; _builder_version=&#8221;3.0.82&#8243; header_font=&#8221;||||||||&#8221; header_font_size=&#8221;16px&#8221; header_line_height=&#8221;2em&#8221; body_font=&#8221;||||||||&#8221; custom_margin=&#8221;||0px|&#8221; custom_padding=&#8221;|||&#8221; animation_style=&#8221;fade&#8221;][\/et_pb_blurb][et_pb_blurb title=&#8221;Revis\u00e3o de benef\u00edcios;&#8221; use_icon=&#8221;on&#8221; font_icon=&#8221;%%54%%&#8221; icon_color=&#8221;#ffa40d&#8221; icon_placement=&#8221;left&#8221; content_max_width=&#8221;800px&#8221; use_icon_font_size=&#8221;on&#8221; icon_font_size=&#8221;32px&#8221; _builder_version=&#8221;3.0.82&#8243; header_font=&#8221;||||||||&#8221; header_font_size=&#8221;16px&#8221; header_line_height=&#8221;2em&#8221; body_font=&#8221;||||||||&#8221; custom_margin=&#8221;||0px|&#8221; custom_padding=&#8221;|||&#8221; animation_style=&#8221;fade&#8221;][\/et_pb_blurb][et_pb_blurb title=&#8221;Aux\u00edlio-doen\u00e7a previdenci\u00e1rio e acident\u00e1rio.&#8221; use_icon=&#8221;on&#8221; font_icon=&#8221;%%54%%&#8221; icon_color=&#8221;#ffa40d&#8221; icon_placement=&#8221;left&#8221; content_max_width=&#8221;800px&#8221; use_icon_font_size=&#8221;on&#8221; icon_font_size=&#8221;32px&#8221; _builder_version=&#8221;3.3.1&#8243; header_font_size=&#8221;16px&#8221; header_line_height=&#8221;2em&#8221; custom_margin=&#8221;||0px|&#8221; custom_padding=&#8221;|||&#8221; animation_style=&#8221;fade&#8221;][\/et_pb_blurb][\/et_pb_column][\/et_pb_row][\/et_pb_section][et_pb_section fb_built=&#8221;1&#8243; admin_label=&#8221;CTA Section&#8221; _builder_version=&#8221;3.3.1&#8243; use_background_color_gradient=&#8221;on&#8221; background_color_gradient_start=&#8221;#313e47&#8243; background_color_gradient_end=&#8221;rgba(49,62,71,0.74)&#8221; background_color_gradient_overlays_image=&#8221;on&#8221; background_image=&#8221;http:\/\/stsadvogados.adv.br\/site\/wp-content\/uploads\/2018\/05\/law-firm-03.jpg&#8221; border_color_all=&#8221;#26333a&#8221; border_width_left=&#8221;8vw&#8221; custom_padding=&#8221;60px|0px|60px||false|false&#8221; locked=&#8221;off&#8221;][et_pb_row use_custom_gutter=&#8221;on&#8221; gutter_width=&#8221;2&#8243; admin_label=&#8221;CTA Area&#8221; _builder_version=&#8221;3.3.1&#8243; locked=&#8221;off&#8221;][et_pb_column type=&#8221;2_3&#8243; _builder_version=&#8221;3.0.47&#8243; parallax=&#8221;off&#8221; parallax_method=&#8221;on&#8221;][et_pb_text admin_label=&#8221;Title&#8221; _builder_version=&#8221;3.3.1&#8243; text_font=&#8221;||||||||&#8221; header_font=&#8221;||||||||&#8221; header_2_font=&#8221;Prata||||||||&#8221; header_2_font_size=&#8221;36px&#8221; header_2_font_size_tablet=&#8221;40px&#8221; header_2_font_size_last_edited=&#8221;on|tablet&#8221; header_2_line_height=&#8221;1.6em&#8221; background_layout=&#8221;dark&#8221; module_alignment=&#8221;center&#8221; custom_margin=&#8221;|||&#8221; custom_padding=&#8221;|||&#8221; animation_style=&#8221;fade&#8221; locked=&#8221;off&#8221;]<\/p>\n<h2>Possui alguma d\u00favida sobre<br \/>\nDireito\u00a0Previdenci\u00e1rio?<\/h2>\n<p>[\/et_pb_text][\/et_pb_column][et_pb_column type=&#8221;1_3&#8243; _builder_version=&#8221;3.0.47&#8243; parallax=&#8221;off&#8221; parallax_method=&#8221;on&#8221;][et_pb_button button_url=&#8221;http:\/\/stsadvogados.adv.br\/site\/contato\/&#8221; button_text=&#8221;Entre em contato&#8221; _builder_version=&#8221;3.3.1&#8243; custom_button=&#8221;on&#8221; button_text_size=&#8221;14px&#8221; button_text_color=&#8221;#ffba60&#8243; button_border_width=&#8221;2px&#8221; button_border_color=&#8221;rgba(255,164,13,0.4)&#8221; button_border_radius=&#8221;0px&#8221; button_letter_spacing=&#8221;4px&#8221; button_font=&#8221;|700||on|||||&#8221; button_icon=&#8221;%%3%%&#8221; button_bg_color_hover=&#8221;rgba(0,0,0,0)&#8221; custom_margin=&#8221;10px|||&#8221; custom_padding=&#8221;10px||10px|&#8221; animation_style=&#8221;fade&#8221; animation_direction=&#8221;right&#8221;][\/et_pb_button][\/et_pb_column][\/et_pb_row][\/et_pb_section]<\/p>\n","protected":false},"excerpt":{"rendered":"<p>[et_pb_section fb_built=&#8221;1&#8243; admin_label=&#8221;Page Title Section&#8221; _builder_version=&#8221;3.3.1&#8243; use_background_color_gradient=&#8221;on&#8221; background_color_gradient_start=&#8221;rgba(0,44,89,0.85)&#8221; background_color_gradient_end=&#8221;rgba(0,12,11,0.3)&#8221; background_color_gradient_overlays_image=&#8221;on&#8221; background_image=&#8221;http:\/\/stsadvogados.adv.br\/site\/wp-content\/uploads\/2018\/05\/sts-advogados-direito-previdenciario.jpg&#8221; custom_padding=&#8221;90px||90px||false|false&#8221;][et_pb_row admin_label=&#8221;Page Title Area&#8221; _builder_version=&#8221;3.0.82&#8243; background_size=&#8221;initial&#8221; background_position=&#8221;top_left&#8221; background_repeat=&#8221;repeat&#8221;][et_pb_column type=&#8221;4_4&#8243; _builder_version=&#8221;3.0.47&#8243; parallax=&#8221;off&#8221; parallax_method=&#8221;on&#8221;][et_pb_text admin_label=&#8221;Page Title&#8221; _builder_version=&#8221;3.3.1&#8243; text_font=&#8221;||||||||&#8221; text_text_color=&#8221;#ffffff&#8221; text_font_size=&#8221;18px&#8221; text_line_height=&#8221;2em&#8221; header_font=&#8221;Prata||||||||&#8221; header_font_size=&#8221;40px&#8221; header_font_size_tablet=&#8221;40px&#8221; header_font_size_last_edited=&#8221;on|desktop&#8221; header_line_height=&#8221;1.6em&#8221; header_3_font=&#8221;||||||||&#8221; header_3_line_height=&#8221;1.8em&#8221; text_orientation=&#8221;center&#8221; background_layout=&#8221;dark&#8221; max_width=&#8221;700px&#8221; module_alignment=&#8221;center&#8221; custom_margin=&#8221;||10px|&#8221; animation_style=&#8221;fade&#8221;] Direito Previdenci\u00e1rio [\/et_pb_text][\/et_pb_column][\/et_pb_row][\/et_pb_section][et_pb_section fb_built=&#8221;1&#8243; admin_label=&#8221;Project Analysis Section&#8221; _builder_version=&#8221;3.0.82&#8243; custom_padding=&#8221;60px||60px||false|false&#8221;][et_pb_row custom_padding=&#8221;60px|0px|60px|0px&#8221; admin_label=&#8221;Project Analysis [&hellip;]<\/p>\n","protected":false},"author":1,"featured_media":0,"parent":109,"menu_order":0,"comment_status":"closed","ping_status":"closed","template":"","meta":{"footnotes":""},"class_list":["post-180","page","type-page","status-publish","hentry"],"_links":{"self":[{"href":"https:\/\/stsadvogados.adv.br\/site\/wp-json\/wp\/v2\/pages\/180","targetHints":{"allow":["GET"]}}],"collection":[{"href":"https:\/\/stsadvogados.adv.br\/site\/wp-json\/wp\/v2\/pages"}],"about":[{"href":"https:\/\/stsadvogados.adv.br\/site\/wp-json\/wp\/v2\/types\/page"}],"author":[{"embeddable":true,"href":"https:\/\/stsadvogados.adv.br\/site\/wp-json\/wp\/v2\/users\/1"}],"replies":[{"embeddable":true,"href":"https:\/\/stsadvogados.adv.br\/site\/wp-json\/wp\/v2\/comments?post=180"}],"version-history":[{"count":6,"href":"https:\/\/stsadvogados.adv.br\/site\/wp-json\/wp\/v2\/pages\/180\/revisions"}],"predecessor-version":[{"id":308,"href":"https:\/\/stsadvogados.adv.br\/site\/wp-json\/wp\/v2\/pages\/180\/revisions\/308"}],"up":[{"embeddable":true,"href":"https:\/\/stsadvogados.adv.br\/site\/wp-json\/wp\/v2\/pages\/109"}],"wp:attachment":[{"href":"https:\/\/stsadvogados.adv.br\/site\/wp-json\/wp\/v2\/media?parent=180"}],"curies":[{"name":"wp","href":"https:\/\/api.w.org\/{rel}","templated":true}]}}