{"id":41,"date":"2018-05-10T14:52:11","date_gmt":"2018-05-10T14:52:11","guid":{"rendered":"http:\/\/stsadvogados.adv.br\/site\/?page_id=41"},"modified":"2024-07-05T15:22:24","modified_gmt":"2024-07-05T15:22:24","slug":"homepage","status":"publish","type":"page","link":"https:\/\/stsadvogados.adv.br\/site\/","title":{"rendered":"Homepage"},"content":{"rendered":"<p>[et_pb_section fb_built=&#8221;1&#8243; fullwidth=&#8221;on&#8221; _builder_version=&#8221;3.3.1&#8243; background_color=&#8221;#a87f2d&#8221; use_background_color_gradient=&#8221;on&#8221; background_color_gradient_start=&#8221;rgba(0,44,89,0.85)&#8221; background_color_gradient_end=&#8221;rgba(0,12,11,0.3)&#8221; parallax=&#8221;on&#8221; border_color_left=&#8221;#083006&#8243;][et_pb_fullwidth_slider show_pagination=&#8221;off&#8221; _builder_version=&#8221;3.3.1&#8243; header_font=&#8221;||||||||&#8221; background_color=&#8221;#065b7c&#8221; border_width_top=&#8221;3px&#8221; border_color_top=&#8221;#003a60&#8243; border_width_bottom=&#8221;3px&#8221; border_color_bottom=&#8221;#cccccc&#8221;][et_pb_slide heading=&#8221;Santos Teles &#038; Santos Advogados&#8221; _builder_version=&#8221;3.3.1&#8243; header_level=&#8221;h2&#8243; header_font=&#8221;EB Garamond||||||||&#8221; header_font_size=&#8221;40px&#8221; body_font=&#8221;||||||||&#8221; body_line_height=&#8221;4.2em&#8221; use_background_color_gradient=&#8221;on&#8221; background_color_gradient_start=&#8221;rgba(0,44,89,0.85)&#8221; background_color_gradient_end=&#8221;rgba(0,12,11,0.3)&#8221; background_color_gradient_overlays_image=&#8221;on&#8221; background_image=&#8221;http:\/\/stsadvogados.adv.br\/site\/wp-content\/uploads\/2018\/05\/sts-advogados-advocacia-rio-de-janeiro-f1.jpg&#8221; custom_button=&#8221;on&#8221; button_text_size=&#8221;18px&#8221; button_text_color=&#8221;#083006&#8243; button_bg_color=&#8221;#a87f2d&#8221; button_border_width=&#8221;0px&#8221; button_border_radius=&#8221;0px&#8221; button_letter_spacing=&#8221;0px&#8221; button_font=&#8221;Open Sans|600|||||||&#8221; button_use_icon=&#8221;off&#8221; button_border_radius_hover=&#8221;0px&#8221; button_letter_spacing_hover=&#8221;0px&#8221; button_alignment=&#8221;center&#8221; custom_padding=&#8221;|||&#8221;]Justi\u00e7a\u00a0 .\u00a0 Igualdade\u00a0 .\u00a0 Confian\u00e7a<br \/>\n[\/et_pb_slide][et_pb_slide heading=&#8221;Assist\u00eancia jur\u00eddica \u00e1gil e leal &#8221; _builder_version=&#8221;3.3.1&#8243; header_level=&#8221;h2&#8243; header_font=&#8221;Prata||||||||&#8221; header_font_size=&#8221;40px&#8221; body_font=&#8221;||||||||&#8221; body_line_height=&#8221;4.2em&#8221; use_background_color_gradient=&#8221;on&#8221; background_color_gradient_start=&#8221;rgba(0,44,89,0.85)&#8221; background_color_gradient_end=&#8221;rgba(0,12,11,0.3)&#8221; background_color_gradient_overlays_image=&#8221;on&#8221; background_image=&#8221;http:\/\/stsadvogados.adv.br\/site\/wp-content\/uploads\/2018\/05\/sts-advogados-escritorio-de-advocacia-rio-de-janeiro.jpg&#8221; custom_button=&#8221;on&#8221; button_text_size=&#8221;18px&#8221; button_text_color=&#8221;#083006&#8243; button_bg_color=&#8221;#a87f2d&#8221; button_border_width=&#8221;0px&#8221; button_border_radius=&#8221;0px&#8221; button_letter_spacing=&#8221;0px&#8221; button_font=&#8221;Open Sans|600|||||||&#8221; button_use_icon=&#8221;off&#8221; button_border_radius_hover=&#8221;0px&#8221; button_letter_spacing_hover=&#8221;0px&#8221; button_alignment=&#8221;center&#8221; custom_padding=&#8221;|||&#8221;]Atuamos diretamente em diversas \u00e1reas do direito.<br \/>\n[\/et_pb_slide][et_pb_slide heading=&#8221;Advocacia focada em solu\u00e7\u00f5es &#8221; _builder_version=&#8221;3.3.1&#8243; header_font=&#8221;Prata||||||||&#8221; header_font_size=&#8221;40px&#8221; body_font=&#8221;||||||||&#8221; body_line_height=&#8221;4.2em&#8221; use_background_color_gradient=&#8221;on&#8221; background_color_gradient_start=&#8221;rgba(0,44,89,0.85)&#8221; background_color_gradient_end=&#8221;rgba(0,12,11,0.3)&#8221; background_color_gradient_overlays_image=&#8221;on&#8221; background_image=&#8221;http:\/\/stsadvogados.adv.br\/site\/wp-content\/uploads\/2018\/05\/sts-advogados-rio-de-janeiro-rj.jpg&#8221; custom_button=&#8221;on&#8221; button_text_size=&#8221;18px&#8221; button_text_color=&#8221;#083006&#8243; button_bg_color=&#8221;#a87f2d&#8221; button_border_width=&#8221;0px&#8221; button_border_radius=&#8221;0px&#8221; button_letter_spacing=&#8221;0px&#8221; button_font=&#8221;Open Sans|600|||||||&#8221; button_use_icon=&#8221;off&#8221; button_border_radius_hover=&#8221;0px&#8221; button_letter_spacing_hover=&#8221;0px&#8221; button_alignment=&#8221;center&#8221; custom_padding=&#8221;|||&#8221;]Com base no Rio de Janeiro e atendimento em todo Brasil.<br \/>\n[\/et_pb_slide][\/et_pb_fullwidth_slider][\/et_pb_section][et_pb_section fb_built=&#8221;1&#8243; admin_label=&#8221;Service Section&#8221; _builder_version=&#8221;3.0.101&#8243; custom_padding=&#8221;60px||60px||false|false&#8221;][et_pb_row admin_label=&#8221;Service Area&#8221; _builder_version=&#8221;3.0.82&#8243;][et_pb_column type=&#8221;4_4&#8243; _builder_version=&#8221;3.0.47&#8243; parallax=&#8221;off&#8221; parallax_method=&#8221;on&#8221;][et_pb_text admin_label=&#8221;Title&#8221; _builder_version=&#8221;3.3.1&#8243; header_2_font=&#8221;Prata||||||||&#8221; header_2_text_align=&#8221;center&#8221; header_2_font_size=&#8221;48px&#8221; header_2_font_size_tablet=&#8221;40px&#8221; header_2_font_size_last_edited=&#8221;on|tablet&#8221; header_2_line_height=&#8221;1.6em&#8221; module_alignment=&#8221;center&#8221; custom_margin=&#8221;||10px|&#8221; custom_padding=&#8221;|||&#8221; animation_style=&#8221;fade&#8221;]<\/p>\n<h2>Atua\u00e7\u00e3o<\/h2>\n<p>[\/et_pb_text][et_pb_divider divider_position=&#8221;center&#8221; divider_weight=&#8221;3px&#8221; _builder_version=&#8221;3.3.1&#8243; max_width=&#8221;70px&#8221; module_alignment=&#8221;center&#8221; animation_style=&#8221;slide&#8221; animation_direction=&#8221;top&#8221; animation_intensity_slide=&#8221;10%&#8221; animation_starting_opacity=&#8221;100%&#8221; locked=&#8221;off&#8221;][\/et_pb_divider][et_pb_text admin_label=&#8221;Title&#8221; _builder_version=&#8221;3.3.1&#8243; header_2_font=&#8221;Prata||||||||&#8221; header_2_text_align=&#8221;center&#8221; header_2_font_size=&#8221;48px&#8221; header_2_font_size_tablet=&#8221;40px&#8221; header_2_font_size_last_edited=&#8221;on|tablet&#8221; header_2_line_height=&#8221;1.6em&#8221; module_alignment=&#8221;center&#8221; custom_margin=&#8221;||10px|&#8221; custom_padding=&#8221;|||&#8221; animation_style=&#8221;fade&#8221;]<\/p>\n<h3 style=\"text-align: center;\">Somos um escrit\u00f3rio de advocacia dedicado \u00e0s seguintes \u00e1reas:<\/h3>\n<p>[\/et_pb_text][\/et_pb_column][\/et_pb_row][et_pb_row admin_label=&#8221;Service Area&#8221; _builder_version=&#8221;3.0.82&#8243;][et_pb_column type=&#8221;1_3&#8243; _builder_version=&#8221;3.0.47&#8243; parallax=&#8221;off&#8221; parallax_method=&#8221;on&#8221;][et_pb_blurb title=&#8221;Direito Empresarial \/ Societ\u00e1rio&#8221; url=&#8221;http:\/\/stsadvogados.adv.br\/site\/areas-de-atuacao-juridica\/direito-empresarial-societario\/&#8221; use_icon=&#8221;on&#8221; font_icon=&#8221;%%159%%&#8221; content_max_width=&#8221;300px&#8221; use_icon_font_size=&#8221;on&#8221; icon_font_size=&#8221;42px&#8221; _builder_version=&#8221;3.3.1&#8243; header_font=&#8221;Roboto Slab||||||||&#8221; header_font_size=&#8221;20px&#8221; header_line_height=&#8221;1.4em&#8221; body_font_size=&#8221;16px&#8221; body_line_height=&#8221;2em&#8221; text_orientation=&#8221;center&#8221; animation_style=&#8221;fade&#8221;]Estamos preparados para orientar suas escolhas e defender seus direitos nas diversas \u00e1reas do Direito Empresarial e Societ\u00e1rio.<br \/>\n[\/et_pb_blurb][\/et_pb_column][et_pb_column type=&#8221;1_3&#8243; _builder_version=&#8221;3.0.47&#8243; parallax=&#8221;off&#8221; parallax_method=&#8221;on&#8221;][et_pb_blurb title=&#8221;Direito Tribut\u00e1rio&#8221; url=&#8221;http:\/\/stsadvogados.adv.br\/site\/areas-de-atuacao-juridica\/direito-tributario\/&#8221; use_icon=&#8221;on&#8221; font_icon=&#8221;%%143%%&#8221; content_max_width=&#8221;300px&#8221; use_icon_font_size=&#8221;on&#8221; icon_font_size=&#8221;42px&#8221; _builder_version=&#8221;3.3.1&#8243; header_font=&#8221;Roboto Slab||||||||&#8221; header_font_size=&#8221;20px&#8221; header_line_height=&#8221;1.4em&#8221; body_font_size=&#8221;16px&#8221; body_line_height=&#8221;2em&#8221; text_orientation=&#8221;center&#8221; animation_style=&#8221;fade&#8221; locked=&#8221;off&#8221;]As melhores solu\u00e7\u00f5es tribut\u00e1rias para seu neg\u00f3cio. Preven\u00e7\u00e3o de riscos, orienta\u00e7\u00e3o e solu\u00e7\u00f5es relacionadas ao seu ramo de atividade<br \/>\n[\/et_pb_blurb][\/et_pb_column][et_pb_column type=&#8221;1_3&#8243; _builder_version=&#8221;3.0.47&#8243; parallax=&#8221;off&#8221; parallax_method=&#8221;on&#8221;][et_pb_blurb title=&#8221;Direito C\u00edvel&#8221; url=&#8221;http:\/\/stsadvogados.adv.br\/site\/areas-de-atuacao-juridica\/direito-civil\/&#8221; use_icon=&#8221;on&#8221; font_icon=&#8221;%%259%%&#8221; content_max_width=&#8221;300px&#8221; use_icon_font_size=&#8221;on&#8221; icon_font_size=&#8221;42px&#8221; _builder_version=&#8221;3.3.1&#8243; header_font=&#8221;Roboto Slab||||||||&#8221; header_font_size=&#8221;20px&#8221; header_line_height=&#8221;1.4em&#8221; body_font_size=&#8221;16px&#8221; body_line_height=&#8221;2em&#8221; text_orientation=&#8221;center&#8221; animation_style=&#8221;fade&#8221; locked=&#8221;off&#8221;]Nossa atua\u00e7\u00e3o abrange desde a\u00e7\u00f5es de responsabilidade civil e danos morais a quest\u00f5es familiares, sucess\u00f3rias e invent\u00e1rios.<br \/>\n[\/et_pb_blurb][\/et_pb_column][\/et_pb_row][et_pb_row admin_label=&#8221;Service Area&#8221; _builder_version=&#8221;3.0.82&#8243;][et_pb_column type=&#8221;1_2&#8243; _builder_version=&#8221;3.0.47&#8243; parallax=&#8221;off&#8221; parallax_method=&#8221;on&#8221;][et_pb_blurb title=&#8221;Planejamento Patrimonial da Fam\u00edlia&#8221; url=&#8221;https:\/\/stsadvogados.adv.br\/site\/areas-de-atuacao-juridica\/planejamento-patrimonial-da-familia\/&#8221; use_icon=&#8221;on&#8221; font_icon=&#8221;%%259%%&#8221; content_max_width=&#8221;300px&#8221; use_icon_font_size=&#8221;on&#8221; icon_font_size=&#8221;42px&#8221; _builder_version=&#8221;3.3.1&#8243; header_font=&#8221;Roboto Slab||||||||&#8221; header_font_size=&#8221;20px&#8221; header_line_height=&#8221;1.4em&#8221; body_font=&#8221;||||||||&#8221; body_font_size=&#8221;16px&#8221; body_line_height=&#8221;2em&#8221; text_orientation=&#8221;center&#8221; animation_style=&#8221;fade&#8221;]<\/p>\n<p>Estrat\u00e9gias e pr\u00e1ticas para organizar, proteger e otimizar os ativos e bens da fam\u00edlia.<\/p>\n<p>[\/et_pb_blurb][\/et_pb_column][et_pb_column type=&#8221;1_2&#8243; _builder_version=&#8221;3.0.47&#8243; parallax=&#8221;off&#8221; parallax_method=&#8221;on&#8221;][et_pb_blurb title=&#8221;Direito Previdenci\u00e1rio&#8221; url=&#8221;http:\/\/stsadvogados.adv.br\/site\/areas-de-atuacao-juridica\/direito-previdenciario\/&#8221; use_icon=&#8221;on&#8221; font_icon=&#8221;%%147%%&#8221; content_max_width=&#8221;300px&#8221; use_icon_font_size=&#8221;on&#8221; icon_font_size=&#8221;42px&#8221; _builder_version=&#8221;3.3.1&#8243; header_font=&#8221;Roboto Slab||||||||&#8221; header_font_size=&#8221;20px&#8221; header_line_height=&#8221;1.4em&#8221; body_font_size=&#8221;16px&#8221; body_line_height=&#8221;2em&#8221; text_orientation=&#8221;center&#8221; animation_style=&#8221;fade&#8221; locked=&#8221;off&#8221;]Atuamos de forma firme na defesa de nossos clientes em negocia\u00e7\u00f5es coletivas e individuais junto \u00e0 Previd\u00eancia (INSS).<br \/>\n[\/et_pb_blurb][\/et_pb_column][\/et_pb_row][\/et_pb_section][et_pb_section fb_built=&#8221;1&#8243; _builder_version=&#8221;3.3.1&#8243;][et_pb_row custom_padding=&#8221;0|0px|0|0px|false|false&#8221; _builder_version=&#8221;3.3.1&#8243;][et_pb_column type=&#8221;4_4&#8243; _builder_version=&#8221;3.0.47&#8243; parallax=&#8221;off&#8221; parallax_method=&#8221;on&#8221;][et_pb_cta title=&#8221;Agende seu primeiro atendimento&#8221; button_url=&#8221;http:\/\/stsadvogados.adv.br\/site\/contato\/&#8221; _builder_version=&#8221;3.3.1&#8243;]Nosso escrit\u00f3rio de advocacia est\u00e1 dispon\u00edvel para um atendimento inicial para avaliarmos seu caso ou a necessidade de sua empresa. Agende seu atendimento e conte com nossa equipe de advogados ao seu lado.<br \/>\n[\/et_pb_cta][et_pb_button button_text=&#8221;Agende agora&#8221; _builder_version=&#8221;3.3.1&#8243; button_alignment=&#8221;center&#8221; button_url=&#8221;https:\/\/stsadvogados.adv.br\/site\/contato\/&#8221;][\/et_pb_button][\/et_pb_column][\/et_pb_row][\/et_pb_section][et_pb_section fb_built=&#8221;1&#8243; admin_label=&#8221;Service Section&#8221; _builder_version=&#8221;3.3.1&#8243; background_color=&#8221;rgba(204,204,204,0.17)&#8221; custom_padding=&#8221;0||0||false|false&#8221;][et_pb_row admin_label=&#8221;Service Area&#8221; _builder_version=&#8221;3.0.82&#8243;][et_pb_column type=&#8221;4_4&#8243; _builder_version=&#8221;3.0.47&#8243; parallax=&#8221;off&#8221; parallax_method=&#8221;on&#8221;][et_pb_text admin_label=&#8221;Title&#8221; _builder_version=&#8221;3.3.1&#8243; text_font=&#8221;||||||||&#8221; header_font=&#8221;||||||||&#8221; header_2_font=&#8221;Prata||||||||&#8221; header_2_text_align=&#8221;center&#8221; header_2_font_size=&#8221;48px&#8221; header_2_font_size_tablet=&#8221;40px&#8221; header_2_font_size_last_edited=&#8221;on|tablet&#8221; header_2_line_height=&#8221;1.6em&#8221; module_alignment=&#8221;center&#8221; custom_margin=&#8221;||10px|&#8221; custom_padding=&#8221;|||&#8221; animation_style=&#8221;fade&#8221;]<\/p>\n<h2>Publica\u00e7\u00f5es<\/h2>\n<p>[\/et_pb_text][et_pb_divider divider_position=&#8221;center&#8221; divider_weight=&#8221;3px&#8221; _builder_version=&#8221;3.3.1&#8243; max_width=&#8221;70px&#8221; module_alignment=&#8221;center&#8221; animation_style=&#8221;slide&#8221; animation_direction=&#8221;top&#8221; animation_intensity_slide=&#8221;10%&#8221; animation_starting_opacity=&#8221;100%&#8221; locked=&#8221;off&#8221;][\/et_pb_divider][et_pb_text admin_label=&#8221;Title&#8221; _builder_version=&#8221;3.3.1&#8243; header_2_font=&#8221;Prata||||||||&#8221; header_2_text_align=&#8221;center&#8221; header_2_font_size=&#8221;48px&#8221; header_2_font_size_tablet=&#8221;40px&#8221; header_2_font_size_last_edited=&#8221;on|tablet&#8221; header_2_line_height=&#8221;1.6em&#8221; module_alignment=&#8221;center&#8221; custom_margin=&#8221;||10px|&#8221; custom_padding=&#8221;|||&#8221; animation_style=&#8221;fade&#8221;]<\/p>\n<p style=\"text-align: center;\"><a href=\"http:\/\/stsadvogados.adv.br\/site\/publicacoes\/\">Acesse todas as publica\u00e7\u00f5es<\/a><\/p>\n<p>[\/et_pb_text][\/et_pb_column][\/et_pb_row][et_pb_row _builder_version=&#8221;3.3.1&#8243;][et_pb_column type=&#8221;4_4&#8243; _builder_version=&#8221;3.0.47&#8243; parallax=&#8221;off&#8221; parallax_method=&#8221;on&#8221;][et_pb_blog fullwidth=&#8221;off&#8221; posts_number=&#8221;3&#8243; show_author=&#8221;off&#8221; show_date=&#8221;off&#8221; show_categories=&#8221;off&#8221; show_pagination=&#8221;off&#8221; _builder_version=&#8221;3.3.1&#8243; meta_font=&#8221;||||||||&#8221;][\/et_pb_blog][\/et_pb_column][\/et_pb_row][\/et_pb_section][et_pb_section fb_built=&#8221;1&#8243; admin_label=&#8221;CTA Section&#8221; _builder_version=&#8221;3.3.1&#8243; use_background_color_gradient=&#8221;on&#8221; background_color_gradient_start=&#8221;#313e47&#8243; background_color_gradient_end=&#8221;rgba(49,62,71,0.74)&#8221; background_color_gradient_overlays_image=&#8221;on&#8221; background_image=&#8221;http:\/\/stsadvogados.adv.br\/site\/wp-content\/uploads\/2018\/05\/law-firm-26.jpg&#8221; border_color_all=&#8221;#26333a&#8221; border_width_left=&#8221;8vw&#8221; custom_padding=&#8221;90px|0px|90px||false|false&#8221;][et_pb_row use_custom_gutter=&#8221;on&#8221; gutter_width=&#8221;2&#8243; admin_label=&#8221;CTA Area&#8221; _builder_version=&#8221;3.0.105&#8243; locked=&#8221;off&#8221;][et_pb_column type=&#8221;2_3&#8243; _builder_version=&#8221;3.0.47&#8243; parallax=&#8221;off&#8221; parallax_method=&#8221;on&#8221;][et_pb_text admin_label=&#8221;Title&#8221; _builder_version=&#8221;3.3.1&#8243; text_font_size=&#8221;18px&#8221; text_line_height=&#8221;1.8em&#8221; header_2_font=&#8221;Prata||||||||&#8221; header_2_font_size=&#8221;48px&#8221; header_2_font_size_tablet=&#8221;40px&#8221; header_2_font_size_last_edited=&#8221;on|tablet&#8221; header_2_line_height=&#8221;1.6em&#8221; background_layout=&#8221;dark&#8221; module_alignment=&#8221;center&#8221; custom_margin=&#8221;|||&#8221; custom_padding=&#8221;|||&#8221; animation_direction=&#8221;left&#8221; locked=&#8221;off&#8221;]<\/p>\n<h2>Garanta seus direitos<\/h2>\n<p>[\/et_pb_text][\/et_pb_column][et_pb_column type=&#8221;1_3&#8243; _builder_version=&#8221;3.0.47&#8243; parallax=&#8221;off&#8221; parallax_method=&#8221;on&#8221;][et_pb_button button_url=&#8221;http:\/\/stsadvogados.adv.br\/site\/contato\/&#8221; button_text=&#8221;Entre em contato&#8221; _builder_version=&#8221;3.3.1&#8243; custom_button=&#8221;on&#8221; button_text_size=&#8221;14px&#8221; button_text_color=&#8221;#ffba60&#8243; button_border_width=&#8221;2px&#8221; button_border_color=&#8221;rgba(255,164,13,0.4)&#8221; button_border_radius=&#8221;0px&#8221; button_letter_spacing=&#8221;4px&#8221; button_font=&#8221;|700||on|||||&#8221; button_icon=&#8221;%%3%%&#8221; button_bg_color_hover=&#8221;rgba(0,0,0,0)&#8221; custom_margin=&#8221;10px|||&#8221; custom_padding=&#8221;10px||10px|&#8221; animation_style=&#8221;fade&#8221; animation_direction=&#8221;right&#8221;][\/et_pb_button][\/et_pb_column][\/et_pb_row][\/et_pb_section]<\/p>\n","protected":false},"excerpt":{"rendered":"<p>[et_pb_section fb_built=&#8221;1&#8243; fullwidth=&#8221;on&#8221; _builder_version=&#8221;3.3.1&#8243; background_color=&#8221;#a87f2d&#8221; use_background_color_gradient=&#8221;on&#8221; background_color_gradient_start=&#8221;rgba(0,44,89,0.85)&#8221; background_color_gradient_end=&#8221;rgba(0,12,11,0.3)&#8221; parallax=&#8221;on&#8221; border_color_left=&#8221;#083006&#8243;][et_pb_fullwidth_slider show_pagination=&#8221;off&#8221; _builder_version=&#8221;3.3.1&#8243; header_font=&#8221;||||||||&#8221; background_color=&#8221;#065b7c&#8221; border_width_top=&#8221;3px&#8221; border_color_top=&#8221;#003a60&#8243; border_width_bottom=&#8221;3px&#8221; border_color_bottom=&#8221;#cccccc&#8221;][et_pb_slide heading=&#8221;Santos Teles &#038; Santos Advogados&#8221; _builder_version=&#8221;3.3.1&#8243; header_level=&#8221;h2&#8243; header_font=&#8221;EB Garamond||||||||&#8221; header_font_size=&#8221;40px&#8221; body_font=&#8221;||||||||&#8221; body_line_height=&#8221;4.2em&#8221; use_background_color_gradient=&#8221;on&#8221; background_color_gradient_start=&#8221;rgba(0,44,89,0.85)&#8221; background_color_gradient_end=&#8221;rgba(0,12,11,0.3)&#8221; background_color_gradient_overlays_image=&#8221;on&#8221; background_image=&#8221;http:\/\/stsadvogados.adv.br\/site\/wp-content\/uploads\/2018\/05\/sts-advogados-advocacia-rio-de-janeiro-f1.jpg&#8221; custom_button=&#8221;on&#8221; button_text_size=&#8221;18px&#8221; button_text_color=&#8221;#083006&#8243; button_bg_color=&#8221;#a87f2d&#8221; button_border_width=&#8221;0px&#8221; button_border_radius=&#8221;0px&#8221; button_letter_spacing=&#8221;0px&#8221; button_font=&#8221;Open Sans|600|||||||&#8221; button_use_icon=&#8221;off&#8221; button_border_radius_hover=&#8221;0px&#8221; button_letter_spacing_hover=&#8221;0px&#8221; button_alignment=&#8221;center&#8221; custom_padding=&#8221;|||&#8221;]Justi\u00e7a\u00a0 .\u00a0 Igualdade\u00a0 .\u00a0 Confian\u00e7a [\/et_pb_slide][et_pb_slide heading=&#8221;Assist\u00eancia [&hellip;]<\/p>\n","protected":false},"author":1,"featured_media":0,"parent":0,"menu_order":0,"comment_status":"closed","ping_status":"closed","template":"","meta":{"footnotes":""},"class_list":["post-41","page","type-page","status-publish","hentry"],"_links":{"self":[{"href":"https:\/\/stsadvogados.adv.br\/site\/wp-json\/wp\/v2\/pages\/41","targetHints":{"allow":["GET"]}}],"collection":[{"href":"https:\/\/stsadvogados.adv.br\/site\/wp-json\/wp\/v2\/pages"}],"about":[{"href":"https:\/\/stsadvogados.adv.br\/site\/wp-json\/wp\/v2\/types\/page"}],"author":[{"embeddable":true,"href":"https:\/\/stsadvogados.adv.br\/site\/wp-json\/wp\/v2\/users\/1"}],"replies":[{"embeddable":true,"href":"https:\/\/stsadvogados.adv.br\/site\/wp-json\/wp\/v2\/comments?post=41"}],"version-history":[{"count":23,"href":"https:\/\/stsadvogados.adv.br\/site\/wp-json\/wp\/v2\/pages\/41\/revisions"}],"predecessor-version":[{"id":490,"href":"https:\/\/stsadvogados.adv.br\/site\/wp-json\/wp\/v2\/pages\/41\/revisions\/490"}],"wp:attachment":[{"href":"https:\/\/stsadvogados.adv.br\/site\/wp-json\/wp\/v2\/media?parent=41"}],"curies":[{"name":"wp","href":"https:\/\/api.w.org\/{rel}","templated":true}]}}